{"id":306,"date":"2018-01-01T02:19:47","date_gmt":"2018-01-01T01:19:47","guid":{"rendered":"http:\/\/job-agenten.de\/?page_id=306"},"modified":"2021-01-27T12:34:52","modified_gmt":"2021-01-27T11:34:52","slug":"referenzen","status":"publish","type":"page","link":"https:\/\/job-agenten.de\/pl\/fuer-arbeitnehmer\/referenzen\/","title":{"rendered":"referencje"},"content":{"rendered":"[vc_row el_class=&#8221;inhalt erster&#8221;][vc_column][vc_column_text]\n<h2>Referenzen<\/h2>\n<p>Hier wollen sich die Job-Agenten bei den Bewerbern f\u00fcr Feedback bedanken. Wir werden die Referenzen in der Sprache ver\u00f6ffentlichen, in der wir diese erhalten haben.[\/vc_column_text][\/vc_column][\/vc_row][vc_row][vc_column][vc_empty_space height=&#8221;40px&#8221;][\/vc_column][\/vc_row][vc_row][vc_column width=&#8221;1\/2&#8243;][mk_custom_box padding_vertical=&#8221;20&#8243; margin_bottom=&#8221;40&#8243; bg_color=&#8221;#ffffff&#8221; border_color_style=&#8221;single_color&#8221; border_color=&#8221;#8f0000&#8243;][vc_column_text]\n<p style=\"text-align: center;\"><strong>Pani Justyna, fizjoterapeutka rozpoczynajaca prace w M\u00fcnster (grudzien 2017)<br \/>\n<\/strong><\/p>\n<p style=\"text-align: center;\">&#8220;Na pocz\u0105tku listopada odbyli\u015bmy ( ja i m\u00f3j partner ) hospitacj\u0119 w Niemczech.<br \/>\nWyjazd planowali\u015bmy ju\u017c dawno, jednak nie przypuszczali\u015bmy i\u017c uda nam si\u0119 znale\u017a\u0107 prac\u0119 w jednym miejscu, gdy\u017c mamy zupe\u0142nie inne zawody ( ja jestem fizjoterapeut\u0105 a partner operatorem CNC). Pani Ania przekona\u0142a mnie, i\u017c jest to mo\u017cliwe i podes\u0142a\u0142a kilka ofert pracy. R\u00f3wnie\u017c mia\u0142am wiele obaw odno\u015bnie znajomo\u015bci j\u0119zyka niemieckiego, dlatego Pani Ania wybra\u0142a pracodawc\u00f3w, kt\u00f3rzy ju\u017c zatrudniaj\u0105 Polak<span class=\"text_exposed_show\">\u00f3w. Wybra\u0142am sobie ofert\u0119, kt\u00f3ra mi najbardziej odpowiada\u0142a. Po rozmowie z pracodawc\u0105, okaza\u0142o si\u0119, i\u017c jest on w stanie za\u0142atwi\u0107 prac\u0119 r\u00f3wnie\u017c mojemu partnerowi. Podczas hospitacji zostali\u015bmy bardzo mi\u0142o przyj\u0119ci. Okaza\u0142o si\u0119 i\u017c nasze miejsca pracy s\u0105 bardzo blisko siebie. Obydwoje odbyli\u015bmy rozmowy ze swoimi pracodawcami. Mimo tego, i\u017c m\u00f3j niemiecki jeszcze nie jest bardzo komunikatywny, dogadali\u015bmy si\u0119 z pracodawc\u0105 w podstawowych kwestiach. Ustalili\u015bmy termin przyjazdu. Jestem bardzo pozytywnie zaskoczona. Nigdy nie s\u0105dzi\u0142am, i\u017c to b\u0119dzie mo\u017cliwe. Dzi\u0119kujemy!&#8221;<\/span><\/p>\n[\/vc_column_text][\/mk_custom_box][mk_custom_box padding_vertical=&#8221;20&#8243; margin_bottom=&#8221;40&#8243; bg_color=&#8221;#ffffff&#8221; border_color_style=&#8221;single_color&#8221; border_color=&#8221;#8f0000&#8243;][vc_column_text css=&#8221;.vc_custom_1515594899624{margin-bottom: 0px !important;}&#8221;]\n<h3 style=\"text-align: center;\"><strong>Pan Maciej, fizjoterapeuta&#8230;<br \/>\n<\/strong><\/h3>\n<p style=\"text-align: center;\">zapytany o to, czy wszystko jest w porzadku w nowym miejscu pracy, w klince w Monachium, w ktorej pracuje jako fizjoterapeuta od lata 2017 roku.<\/p>\n<p><span style=\"margin: 0px; font-family: 'Calibri',sans-serif; font-size: 11pt;\"><span style=\"color: #000000;\">&#8220;Tak!!! Wszystko bardzo dobrze. Z pracy jestem bardzo zadowolony. Miasto te\u017c pi\u0119kne. Jak tylko znajdziemy samodzielne mieszkanie to b\u0119dzie wr\u0119cz idealnie.&#8221;<\/span><\/span><\/p>\n<p>Maciej (09.01.2018, M\u00fcnchen)<\/p>\n<p>Pan Maciej mieszka w mieszkanku w klinice i jest wlasnie w trakcie poszukiwania wlasnego mieszkania.[\/vc_column_text][\/mk_custom_box][\/vc_column][vc_column width=&#8221;1\/2&#8243;][mk_custom_box padding_vertical=&#8221;20&#8243; margin_bottom=&#8221;40&#8243; bg_color=&#8221;#ffffff&#8221; border_color_style=&#8221;single_color&#8221; border_color=&#8221;#8f0000&#8243;][vc_column_text]\n<h3>Relacja z hospitacji<\/h3>\n<p>nasze dwie fizjoterapeutki odbyly wlasnie hospitacje w Niemczech. Opiekowala sie nimi jedna z naszych fizjoterapeutek, ktora juz pracuje u tego pracodawcy. Oto krotkie sprawozdanie:<br \/>\nWitam Pani Aniu,<br \/>\nPracodawca przyj\u0105\u0142 nas bardzo ciep\u0142o a ca\u0142a hospitacja przebieg\u0142a w mi\u0142ej atmosferze. Na pocz\u0105tku mia\u0142y\u015bmy z Justyn\u0105 rozmow\u0119 z pracodawc\u0105, w czasie kt\u00f3rej by\u0142a te\u017c obecna dziewczyna z Polski (Weronika), kt\u00f3ra t\u0142umaczy\u0142a trudniejsze kwestie. P\u00f3\u017aniej pojecha\u0142y\u015bmy z Weronik\u0105 do domu opieki zobaczy\u0107 jak pracuje. Po powrocie podpisa\u0142y\u015bmy umowy z pracodawca. Justyna pewnie si\u0119 pochwali\u0142a, \u017ce zaczyna ju\u017c w najbli\u017cszy pi\u0105tek? Ja podpisa\u0142am umow\u0119 o rozpocz\u0119ciu wsp\u00f3\u0142pracy od 1-go marca 2018. Je\u015bli chodzi o m\u00f3j obecny poziom komunikacji to nawet nie\u017ale mi posz\u0142o &#8211; pracodawca stwierdzi\u0142 po kilku minutach rozmowy, \u017ce z moim niemieckim sobie tu poradz\u0119 ?. Bardzo dzi\u0119kuj\u0119 za um\u00f3wienie ciekawego i owocnego spotkania \ud83d\ude42<br \/>\nPani Aniu i Justyno &#8211; to my dziekujemy! Jestesmy dumni! We dwojke zawsze razniej, no nie?[\/vc_column_text][\/mk_custom_box][mk_custom_box padding_vertical=&#8221;20&#8243; margin_bottom=&#8221;40&#8243; bg_color=&#8221;#ffffff&#8221; border_color_style=&#8221;single_color&#8221; border_color=&#8221;#8f0000&#8243;][vc_column_text css=&#8221;.vc_custom_1515595286888{margin-bottom: 0px !important;}&#8221;]\n<h3>Pani Patrycja, fizjoterapeutka z Neuburga&#8230;<\/h3>\n<p>poproszona o zdanie feedbacku naszej fizjoterapeutce zainteresowanej podjeciem pracy u pracodawcy pani Patrycji:<\/p>\n<p><span style=\"color: #000000; font-family: Calibri;\">&#8220;Witam,<\/span><\/p>\n<p><span style=\"color: #000000; font-family: Calibri;\">Oczywi\u015bcie, \u017ce mo\u017cna na mnie liczy\u0107. Prosz\u0119 poda\u0107 m\u00f3j nr telefonu (015163998356) lub mojego maila. Z ch\u0119ci\u0105 odpowiem na pytania i b\u0119d\u0119 si\u0119 bardzo cieszy\u0107, je\u015bli b\u0119dzie to pomocne w podj\u0119ciu decyzji. <\/span><\/p>\n<p><span style=\"color: #000000; font-family: Calibri;\">U mnie nadal wszystko w porz\u0105dku. Aktualnie przebywam na zwolnieniu lekarskim z powodu grypy. Wsp\u00f3\u0142praca w przychodni uk\u0142ada si\u0119 dobrze, naprawd\u0119 nie mam powod\u00f3w do narzekania \ud83d\ude42<\/span><\/p>\n<p><span style=\"color: #000000; font-family: Calibri;\">Pozdrawiam serdecznie!&#8221;<\/span><\/p>\n<p><span style=\"margin: 0px; font-family: 'Calibri',sans-serif; font-size: 11pt;\"><span style=\"color: #000000;\">Patrycja, 08.01.2018, Neuburg<\/span><\/span>[\/vc_column_text][\/mk_custom_box][\/vc_column][\/vc_row][vc_row][vc_column width=&#8221;1\/2&#8243;][mk_custom_box padding_vertical=&#8221;20&#8243; margin_bottom=&#8221;40&#8243; bg_color=&#8221;#ffffff&#8221; border_color_style=&#8221;single_color&#8221; border_color=&#8221;#8f0000&#8243;][vc_column_text]\n<h3 style=\"text-align: center;\"><strong>Relacja sprzed hospitacji<br \/>\n<\/strong><\/h3>\n<p style=\"text-align: center;\">dziekujemy Panie Mateuszu<\/p>\n[\/vc_column_text][vc_empty_space height=&#8221;30px&#8221;][vc_video title=&#8221;Pan Mateusz przed hospitacja&#8221; host=&#8221;self_hosted&#8221; mp4=&#8221;http:\/\/job-agenten.de\/wp-content\/uploads\/video-vor-der-hospitation-m.-gacka.mp4&#8243;][\/mk_custom_box][\/vc_column][vc_column width=&#8221;1\/2&#8243;][mk_custom_box padding_vertical=&#8221;20&#8243; margin_bottom=&#8221;40&#8243; bg_color=&#8221;#ffffff&#8221; border_color_style=&#8221;single_color&#8221; border_color=&#8221;#8f0000&#8243;][vc_column_text]\n<p style=\"text-align: center;\"><strong>Tutaj pracuje Pani Wiktoria, ponizej jej opinia o naszej firmie<br \/>\n<\/strong><\/p>\n<p style=\"text-align: center;\">Witam serdecznie<wbr \/>,<br \/>\nZdecydowan<wbr \/>ie polecam Beta Aktiv i wsp\u00f3\u0142prac\u0119<wbr \/> z firm\u0105!!<br \/>\nPrzeprowad<wbr \/>zi\u0107 si\u0119 do innego kraju, znale\u017a\u0107 prac\u0119 (w zawodzie!)<wbr \/>, za\u0142atwi\u0107 wszystkie formalno\u015bc<wbr \/>i w urz\u0119dach..<wbr \/>i nie tylko &#8211; gdzie<span class=\"text_exposed_show\"> wszystko jest inne ni\u017c w domu &#8211; nie jest \u0142atwym. Z Beta Aktiv nigdy nie czu\u0142am si\u0119 sama. Przed, w trakcie, i po nostryfika<wbr \/>cji &#8211; zawsze mia\u0142am \u015bwietny kontakt, mog\u0142am liczy\u0107 na porad\u0119 i wsparcie. Bardzo dzi\u0119kuj\u0119 Pani Ani, kt\u00f3ra zajmowa\u0142a si\u0119 moimi dokumentam<wbr \/>i, znalaz\u0142a dla mnie doskona\u0142e kliniki z ciekawymi ofertami pracy i um\u00f3wi\u0142a si\u0119 z nimi na spotkanie.<wbr \/> Bardzo si\u0119 ciesz\u0119 \u017ce mia\u0142am przyjemno\u015b<wbr \/>\u0107 zapozna\u0107 si\u0119 z Pani\u0105 osobi\u015bcie,<wbr \/> i sp\u0119dzi\u0107 razem dzie\u0144. Pani Ania przyjecha\u0142<wbr \/>a do mnie w dniu zaplanowan<wbr \/>ych rozm\u00f3w kwalifikac<wbr \/>yjnych, i razem pojecha\u0142y\u015b<wbr \/>my do pracedawc\u00f3<wbr \/>w. To, jak Pani podchodzi do swojej pracy, do ludzi i do \u017cycia, &#8211; zawsze z u\u015bmiechem,<wbr \/> profesjona<wbr \/>lizmem i entuzjazme<wbr \/>m, &#8211; jest po prostu fascynuj\u0105c<wbr \/>e.<br \/>\nZacz\u0119\u0142am zbiera\u0107 dokumenty dla nostryfika<wbr \/>cji p\u00f3\u0142 roku temu, a ju\u017c dzi\u015b dzi\u0119ki firmie Beta Aktiv mam prac\u0119, o kt\u00f3rej marzy\u0142am, w niezwykle malowniczy<wbr \/>m otoczeniu g\u00f3r i las\u00f3w Schwarzwal<wbr \/>d.<br \/>\nGor\u0105co polecam wszystkim i \u017cycz\u0119 powodzenia<wbr \/>!:)<br \/>\nPozdrawiam<wbr \/>,<br \/>\nVictoria<\/span><\/p>\n[\/vc_column_text][vc_empty_space height=&#8221;30px&#8221;][mk_image src=&#8221;http:\/\/job-agenten.de\/wp-content\/uploads\/schwarzwald.jpg&#8221; image_size=&#8221;full&#8221; margin_bottom=&#8221;20&#8243;][\/mk_custom_box][mk_custom_box padding_vertical=&#8221;20&#8243; margin_bottom=&#8221;40&#8243; bg_color=&#8221;#ffffff&#8221; border_color_style=&#8221;single_color&#8221; border_color=&#8221;#8f0000&#8243;][vc_column_text css=&#8221;.vc_custom_1515583312909{margin-bottom: 0px !important;}&#8221;]\n<h3 style=\"text-align: center;\">Pani Karolina, fizjoterapeutka<strong><br \/>\n<\/strong><\/h3>\n<p>zostala przez nas poproszona o kontakt z inna fizjoterapeutka, pania Agnieszka, ktora sie zastanawia nad podjeciem pracy w placowce, w ktorej pracuje juz nasza pani Karolina. Oto odpowiedz na nasza prosbe:<\/p>\n<p>&#8220;Dzie\u0144 dobry,<\/p>\n<p>U mnie wszystko dobrze. Coraz wi\u0119cej rozumiem, du\u017co m\u00f3wi\u0119 , pracuje mi si\u0119 dobrze. M\u00f3j szef chyba tez jest zadowolony bo dosta\u0142am podwy\u017ck\u0119 .M\u00f3j pracodawca inwestuje we mnie ? robie du\u017co szkole\u0144 za kt\u00f3re ja nie musz\u0119 p\u0142aci\u0107. Jestem bardzo zadowolona a to dzi\u0119ki wam ? napisze do tej dziewczyny za chwile i powiem co i jak, nie ma \u017cadnego problemu<\/p>\n<p>Pozdrawiam Karolina (Dingolfing, 10.01.2018)&#8221;[\/vc_column_text][vc_empty_space height=&#8221;30px&#8221;][mk_image image_size=&#8221;full&#8221; margin_bottom=&#8221;20&#8243;][\/mk_custom_box][\/vc_column][\/vc_row]\n","protected":false},"excerpt":{"rendered":"<p>[vc_row el_class=&#8221;inhalt erster&#8221;][vc_column][vc_column_text] Referenzen Hier wollen sich die Job-Agenten bei den Bewerbern f\u00fcr Feedback bedanken. Wir werden die Referenzen in der Sprache ver\u00f6ffentlichen, in der wir diese erhalten haben.[\/vc_column_text][\/vc_column][\/vc_row][vc_row][vc_column][vc_empty_space height=&#8221;40px&#8221;][\/vc_column][\/vc_row][vc_row][vc_column width=&#8221;1\/2&#8243;][mk_custom_box padding_vertical=&#8221;20&#8243; margin_bottom=&#8221;40&#8243; bg_color=&#8221;#ffffff&#8221; border_color_style=&#8221;single_color&#8221; border_color=&#8221;#8f0000&#8243;][vc_column_text] Pani Justyna, fizjoterapeutka rozpoczynajaca prace w M\u00fcnster (grudzien 2017) &#8220;Na pocz\u0105tku listopada odbyli\u015bmy ( ja i m\u00f3j partner ) [&hellip;]<\/p>\n","protected":false},"author":1,"featured_media":0,"parent":93,"menu_order":200,"comment_status":"closed","ping_status":"closed","template":"","meta":[],"translation":{"provider":"WPGlobus","version":"3.0.0","language":"pl","enabled_languages":["de","pl"],"languages":{"de":{"title":true,"content":true,"excerpt":false},"pl":{"title":true,"content":true,"excerpt":false}}},"_links":{"self":[{"href":"https:\/\/job-agenten.de\/pl\/wp-json\/wp\/v2\/pages\/306"}],"collection":[{"href":"https:\/\/job-agenten.de\/pl\/wp-json\/wp\/v2\/pages"}],"about":[{"href":"https:\/\/job-agenten.de\/pl\/wp-json\/wp\/v2\/types\/page"}],"author":[{"embeddable":true,"href":"https:\/\/job-agenten.de\/pl\/wp-json\/wp\/v2\/users\/1"}],"replies":[{"embeddable":true,"href":"https:\/\/job-agenten.de\/pl\/wp-json\/wp\/v2\/comments?post=306"}],"version-history":[{"count":49,"href":"https:\/\/job-agenten.de\/pl\/wp-json\/wp\/v2\/pages\/306\/revisions"}],"predecessor-version":[{"id":1283,"href":"https:\/\/job-agenten.de\/pl\/wp-json\/wp\/v2\/pages\/306\/revisions\/1283"}],"up":[{"embeddable":true,"href":"https:\/\/job-agenten.de\/pl\/wp-json\/wp\/v2\/pages\/93"}],"wp:attachment":[{"href":"https:\/\/job-agenten.de\/pl\/wp-json\/wp\/v2\/media?parent=306"}],"curies":[{"name":"wp","href":"https:\/\/api.w.org\/{rel}","templated":true}]}}